{"id":44,"date":"2021-07-06T17:53:21","date_gmt":"2021-07-06T17:53:21","guid":{"rendered":"https:\/\/foro-vinc.ricyt.org\/?page_id=44"},"modified":"2022-03-22T16:12:33","modified_gmt":"2022-03-22T19:12:33","slug":"contactos","status":"publish","type":"page","link":"https:\/\/foro-vinc.ricyt.org\/?page_id=44","title":{"rendered":"Qui\u00e9nes somos"},"content":{"rendered":"\n<p><strong>RODOLFO BARRERE &#8211; Coordinador del <strong><a href=\"https:\/\/observatoriocts.oei.org.ar\/\">Observatorio Iberoamericano de la Ciencia, la Tecnolog\u00eda y la Sociedad<\/a> (OCTS) de la <a href=\"https:\/\/oei.int\/oficinas\/argentina\">OEI<\/a><\/strong> y de la<a href=\"http:\/\/www.ricyt.org\"> Red Iberoamericana de Indicadores de Ciencia y Tecnolog\u00eda (RICYT)<\/a><\/strong><\/p>\n\n\n\n<figure class=\"wp-block-image size-full is-resized is-style-rounded\"><img decoding=\"async\" loading=\"lazy\" src=\"https:\/\/foro-vinc.ricyt.org\/wp-content\/uploads\/2021\/09\/RB.png\" alt=\"\" class=\"wp-image-382\" width=\"154\" height=\"140\" srcset=\"https:\/\/foro-vinc.ricyt.org\/wp-content\/uploads\/2021\/09\/RB.png 369w, https:\/\/foro-vinc.ricyt.org\/wp-content\/uploads\/2021\/09\/RB-300x274.png 300w\" sizes=\"(max-width: 154px) 100vw, 154px\" \/><\/figure>\n\n\n\n<p>Doctor en Ciencias Sociales (Universidad Nacional de Quilmes) y Licenciado en Comunicaci\u00f3n Social. Especializado en temas relacionados con la producci\u00f3n, gesti\u00f3n y an\u00e1lisis de informaci\u00f3n cient\u00edfica, tecnol\u00f3gica y de innovaci\u00f3n. <\/p>\n\n\n\n<p>En el marco de su participaci\u00f3n en el equipo t\u00e9cnico de la RICYT, desde 2001, ha orientado su enfoque en las particularidades de la construcci\u00f3n de indicadores en los pa\u00edses iberoamericanos. Su tesis doctoral aborda el tema de las \u201cDin\u00e1micas y evoluci\u00f3n de la producci\u00f3n de informaci\u00f3n cient\u00edfica y tecnol\u00f3gica\u201d. Su experiencia incluye la recolecci\u00f3n, procesamiento y an\u00e1lisis de los indicadores publicados por la RICYT. Ha realizado tambi\u00e9n tareas en la capacitaci\u00f3n de profesionales y t\u00e9cnicos en muchos de estos pa\u00edses, mediante el dictado de cursos, seminarios y asistencias t\u00e9cnicas.<\/p>\n\n\n\n<p>Ha participado y coordinado diversos proyectos de investigaci\u00f3n y consultor\u00eda para distintos organismos internacionales, como OCDE, UNESCO, BID, Banco Mundial y la Uni\u00f3n Europea. En materia docente, ha dictado cursos de posgrado en distintas maestr\u00edas en Argentina y Uruguay, y ha ofrecido seminarios de formaci\u00f3n en la producci\u00f3n de informaci\u00f3n estad\u00edstica en varios pa\u00edses latinoamericanos.<\/p>\n\n\n\n<p><\/p>\n\n\n\n<hr class=\"wp-block-separator\"\/>\n\n\n\n<p class=\"has-text-align-center\" style=\"font-size:28px\"><strong>Coordinaci\u00f3n del Foro<\/strong><\/p>\n\n\n\n<p><strong>DAR<strong>\u00cd<\/strong>O CODNER<\/strong><\/p>\n\n\n\n<figure class=\"wp-block-image size-full is-resized is-style-rounded\"><img decoding=\"async\" loading=\"lazy\" src=\"https:\/\/foro-vinc.ricyt.org\/wp-content\/uploads\/2021\/09\/Dario.png\" alt=\"\" class=\"wp-image-426\" width=\"210\" height=\"140\" srcset=\"https:\/\/foro-vinc.ricyt.org\/wp-content\/uploads\/2021\/09\/Dario.png 886w, https:\/\/foro-vinc.ricyt.org\/wp-content\/uploads\/2021\/09\/Dario-300x200.png 300w, https:\/\/foro-vinc.ricyt.org\/wp-content\/uploads\/2021\/09\/Dario-768x512.png 768w\" sizes=\"(max-width: 210px) 100vw, 210px\" \/><\/figure>\n\n\n<p>Licenciado en F\u00edsica y Magister en Pol\u00edtica y Gesti\u00f3n de la Ciencia y la Tecnolog\u00eda (Universidad de Buenos Aires). Realiz\u00f3 postgrados en temas vinculados a la econom\u00eda del conocimiento, el emprendimiento y la innovaci\u00f3n.<\/p>\n<p>Desde 1999 es docente-investigador de la Universidad Nacional de Quilmes, donde tambi\u00e9n desempe\u00f1a cargos de gesti\u00f3n. Es Profesor Titular del Programa de Incentivos a la Investigaci\u00f3n y Secretario de Innovaci\u00f3n y Transferencia Tecnol\u00f3gica (1er Premio Innovar del Ministerio de Ciencia, Tecnolog\u00eda e Innovaci\u00f3n Productiva en 2011 a la actividad de vinculaci\u00f3n y transferencia tecnol\u00f3gica). Actualmente es Director del <strong><a href=\"https:\/\/observatoriomhealth.ar\/\">Observatorio Acad\u00e9mico de Aplicaciones M\u00f3viles para la Salud<\/a><\/strong> de la Universidad Nacional de Quilmes.<\/p>\n<p>Es Consultor para organismos internacionales y nacionales como el BID, Banco Mundial, OEI, ANPCYT, MINCYT, Ministerio de Defensa, ANII (Uruguay) y la Fundaci\u00f3n Instituto Leloir (Inis Biotech S.A.), entre otros. Fue Coordinador Ejecutivo de la la&nbsp;<strong><a href=\"http:\/\/redvitec.cin.edu.ar\/la-redvitec.html\">Red de Vinculaci\u00f3n Tecnol\u00f3gica de las Universidades Nacionales Argentinas<\/a><\/strong> -RedVITEC- (2017-2018 y 2020-2021). Fue Director Acad\u00e9mico de la Maestr\u00eda en Ciencia, Tecnolog\u00eda y Sociedad, Director del Programa de Postgrado en Biotecnolog\u00eda, Industria y Negocios y Vicedirector del Programa Universidad Virtual de Quilmes.<\/p>\n<p>Como investigador ha dirigido m\u00e1s de 10 proyectos, tesis de grado, maestr\u00eda y doctorado y ha escrito m\u00e1s de 60 art\u00edculos con referato, cap\u00edtulos de libros y libros en temas relacionados a la pol\u00edtica y gesti\u00f3n de la ciencia, la transferencia tecnol\u00f3gica y la innovaci\u00f3n. Particip\u00f3 como Profesor Invitado en el <strong><a href=\"https:\/\/www.uoc.edu\/portal\/es\/ehealth-center\/coneix\/index.html\">e-Health Center<\/a><\/strong> de la Universitat Oberta de Catalunya (2020) y en la Universidad de Granada (2019).<\/p>\n\n\n<hr class=\"wp-block-separator\"\/>\n\n\n\n<p><strong>MAR<strong>\u00cd<\/strong>A ELINA EST<strong>\u00c9<\/strong>BANEZ<\/strong><\/p>\n\n\n\n<figure class=\"wp-block-image size-full is-resized is-style-rounded\"><img decoding=\"async\" loading=\"lazy\" src=\"https:\/\/foro-vinc.ricyt.org\/wp-content\/uploads\/2021\/09\/Marilina.jpg\" alt=\"\" class=\"wp-image-454\" width=\"189\" height=\"209\" srcset=\"https:\/\/foro-vinc.ricyt.org\/wp-content\/uploads\/2021\/09\/Marilina.jpg 479w, https:\/\/foro-vinc.ricyt.org\/wp-content\/uploads\/2021\/09\/Marilina-271x300.jpg 271w\" sizes=\"(max-width: 189px) 100vw, 189px\" \/><\/figure>\n\n\n<p>Es Soci\u00f3loga y Magister en Pol\u00edtica y Gesti\u00f3n de la Ciencia y la Tecnolog\u00eda (Universidad de Buenos Aires). Ha estudiado los procesos de vinculaci\u00f3n&nbsp; y transferencia&nbsp; entre ciencia y sociedad; la ciencia universitaria y sus sistemas de I+D; y el&nbsp; impacto social de la&nbsp; CTI. Se especializ\u00f3 en la aplicaci\u00f3n de un enfoque de g\u00e9nero en sus investigaciones y el dise\u00f1o de indicadores no tradicionales de CTI. Ha publicado m\u00e1s de 70 art\u00edculos, informes, cap\u00edtulos de libros y otros documentos&nbsp; en temas de su especialidad.<\/p>\n<p>Preside la <strong><a href=\"http:\/\/old.centroredes.org.ar\/index.php?option=com_content&amp;view=article&amp;id=10&amp;Itemid=31\">Asociaci\u00f3n Civil Grupo Redes<\/a><\/strong> y es investigadora senior en el Area CTS del <strong><a href=\"http:\/\/www.centroredes.org.ar\/\">Centro REDES<\/a><\/strong>, desde donde se&nbsp; coordina el proyecto regional latinoamericano \u201c<strong><a href=\"http:\/\/www.centroredes.org.ar\/index.php\/flujos-de-conocimiento\/\">Flujos de conocimiento en contextos de pandemia<\/a><\/strong>\u201d. Dirige la c\u00e1tedra Sociolog\u00eda de la Ciencia de la Facultad de Ciencias Sociales, Universidad de Buenos Aires, y dirige el proyecto \u201cSociolog\u00eda de los producci\u00f3n, difusi\u00f3n, uso y apropiaci\u00f3n de conocimientos en problemas de inter\u00e9s p\u00fablico de la Argentina contempor\u00e1nea\u201d.<\/p>\n<p>Como consultora en temas de su especialidad ha trabajado para la OEI (Manual de Valencia), el British Council, la Consultora Technopolis (EU), la UNESCO y el BID. Ha brindado asesoramiento a agencias de gobierno de Argentina (Ministerio de Ciencia, Tecnolog\u00eda e Innovaci\u00f3n y agencias de CyT provinciales) y otros pa\u00edses de la regi\u00f3n.<\/p>\n\n\n<hr class=\"wp-block-separator\"\/>\n\n\n\n<p class=\"has-text-align-center\" style=\"font-size:28px\"><strong>Secretar\u00eda T\u00e9cnica<\/strong><\/p>\n\n\n\n<p><strong>NATALIA BAS<\/strong><\/p>\n\n\n\n<figure class=\"wp-block-image size-full is-resized is-style-rounded\"><img decoding=\"async\" loading=\"lazy\" src=\"https:\/\/foro-vinc.ricyt.org\/wp-content\/uploads\/2021\/09\/NBas_photo.jpg\" alt=\"\" class=\"wp-image-438\" width=\"196\" height=\"147\" srcset=\"https:\/\/foro-vinc.ricyt.org\/wp-content\/uploads\/2021\/09\/NBas_photo.jpg 321w, https:\/\/foro-vinc.ricyt.org\/wp-content\/uploads\/2021\/09\/NBas_photo-300x225.jpg 300w\" sizes=\"(max-width: 196px) 100vw, 196px\" \/><\/figure>\n\n\n<p>Licenciada en Historia (Universidad de Buenos Aires), Magister en Historia (University of Warwick, Inglaterra) y Doctora en Historia (University College London, Inglaterra).<\/p>\n<p>Desde 2013 es integrante del <a href=\"http:\/\/www.centroredes.org.ar\/\" data-type=\"URL\" data-id=\"http:\/\/www.centroredes.org.ar\/\"><strong>Centro REDES<\/strong><\/a> donde se desempe\u00f1a en diversos proyectos ligados al area de pol\u00edtica y gesti\u00f3n del conocimiento, en particular a proyectos de medici\u00f3n de la vinculaci\u00f3n universitaria.<\/p>\n<p>Desde 2013 es Coordinadora T\u00e9cnica del <strong><a href=\"http:\/\/www.ricyt.org\/wp-content\/uploads\/2017\/06\/files_manual_vinculacion.pdf\"><em>Manual Iberoamericano de Indicadores de Vinculaci\u00f3n de la Universidad con el Entorno Socioecon\u00f3mico -Manual de Valencia<\/em><\/a><\/strong> (2017). Coordin\u00f3 el Taller Internacional \u201c<strong><a href=\"http:\/\/www.centroredes.org.ar\/index.php\/la-brecha-conocimiento\/\">La brecha entre el conocimiento y la toma de decisiones en salud p\u00fablica<\/a>\u201d<\/strong>&nbsp;(Buenos Aires, noviembre 2019), organizado conjuntamente por el Centro REDES, el OCTS-OEI y la Universidad de Nottingham y financiado por el British Council -esquema <strong><a href=\"https:\/\/www.britishcouncil.org.ar\/en\/programmes\/education\/call-higher-education-links\">HELINKS<\/a><\/strong>. Forma parte del equipo de investigacion del proyecto \u201c<strong><a href=\"http:\/\/www.centroredes.org.ar\/index.php\/flujos-de-conocimiento\/\">Flujos de conocimiento cient\u00edfico en contextos de pandemia: La producci\u00f3n, transferencia y uso de evidencias en la pr\u00e1ctica sanitaria frente al COVID-19<\/a><\/strong>\u201d, co-dirigido por diversas instituciones de Argentina, Colombia y Rep\u00fablica Dominicana.<\/p>","protected":false},"excerpt":{"rendered":"<p>RODOLFO BARRERE &#8211; Coordinador del Observatorio Iberoamericano de la Ciencia, la Tecnolog\u00eda y la Sociedad (OCTS) de la OEI y de la Red Iberoamericana de Indicadores de Ciencia y Tecnolog\u00eda (RICYT) Doctor en Ciencias Sociales (Universidad Nacional de Quilmes) y Licenciado en Comunicaci\u00f3n Social. Especializado en temas relacionados con la<a class=\"read-more\" href=\"https:\/\/foro-vinc.ricyt.org\/?page_id=44\"> ( more&#8230; )<\/a><\/p>\n","protected":false},"author":1,"featured_media":0,"parent":0,"menu_order":0,"comment_status":"closed","ping_status":"closed","template":"","meta":{"footnotes":""},"_links":{"self":[{"href":"https:\/\/foro-vinc.ricyt.org\/index.php?rest_route=\/wp\/v2\/pages\/44"}],"collection":[{"href":"https:\/\/foro-vinc.ricyt.org\/index.php?rest_route=\/wp\/v2\/pages"}],"about":[{"href":"https:\/\/foro-vinc.ricyt.org\/index.php?rest_route=\/wp\/v2\/types\/page"}],"author":[{"embeddable":true,"href":"https:\/\/foro-vinc.ricyt.org\/index.php?rest_route=\/wp\/v2\/users\/1"}],"replies":[{"embeddable":true,"href":"https:\/\/foro-vinc.ricyt.org\/index.php?rest_route=%2Fwp%2Fv2%2Fcomments&post=44"}],"version-history":[{"count":75,"href":"https:\/\/foro-vinc.ricyt.org\/index.php?rest_route=\/wp\/v2\/pages\/44\/revisions"}],"predecessor-version":[{"id":922,"href":"https:\/\/foro-vinc.ricyt.org\/index.php?rest_route=\/wp\/v2\/pages\/44\/revisions\/922"}],"wp:attachment":[{"href":"https:\/\/foro-vinc.ricyt.org\/index.php?rest_route=%2Fwp%2Fv2%2Fmedia&parent=44"}],"curies":[{"name":"wp","href":"https:\/\/api.w.org\/{rel}","templated":true}]}}